{"id":113,"date":"2026-07-21T11:07:58","date_gmt":"2026-07-21T11:07:58","guid":{"rendered":"https:\/\/rivasvaciamadrid.anovagroup.es\/?post_type=inscripcion&#038;p=113"},"modified":"2026-07-21T11:07:59","modified_gmt":"2026-07-21T11:07:59","slug":"inscripcion-14o-edicion-concurso-de-arte-urbano","status":"publish","type":"inscripcion","link":"https:\/\/rivasvaciamadrid.anovagroup.es\/?inscripcion=inscripcion-14o-edicion-concurso-de-arte-urbano","title":{"rendered":"Inscripci\u00f3n 14\u00ba edici\u00f3n Concurso de Arte Urbano"},"content":{"rendered":"\n<p class=\"wp-block-paragraph\">El&nbsp;<strong>14\u00ba CONCURSO DE ARTE URBANO<\/strong>, forma parte del Festival de Cultura en la Calle Y Arte Ciudadano, organizado por la Concejal\u00eda de Cultura del Ayuntamiento de Rivas Vaciamadrid, que se celebra del 03 al 20 de septiembre 2026. Se podr\u00e1 participar a nivel individual o colectivo. Los grupos pueden tener entidad jur\u00eddica o ser agrupaci\u00f3n de personas f\u00edsicas, siendo una persona la responsable de interlocuciones y gestiones administrativas.<\/p>\n\n\n\n<p class=\"wp-block-paragraph\">Podr\u00e1n participar personas que tengan su residencia en Espa\u00f1a. En caso de ser entidad jur\u00eddica o agrupaci\u00f3n, como m\u00ednimo uno de sus miembros.<br>Para participar como artista, tiene que anexarse en la inscripci\u00f3n el carnet o certificado de capacitaci\u00f3n para el uso y manejo de plataformas elevadoras -PEMP. Regulada seg\u00fan normativa UNE 58920\/ISO 18878 para trabajos en altura.<\/p>\n\n\n\n<p class=\"wp-block-paragraph\">Este concurso se realiza para la selecci\u00f3n de propuestas de intervenciones art\u00edsticas que tengan como lugar de desarrollo en el espacio p\u00fablico, en esta edici\u00f3n 2 proyectos de arte urbano que se realizar\u00edan en:<\/p>\n\n\n\n<ul class=\"wp-block-list\">\n<li><strong>PROYECTO 1<\/strong>. Pabell\u00f3n deportivo del CEIP EL PARQUE.\u00a0<a href=\"https:\/\/maps.app.goo.gl\/SUrLNzuY9ZGH22ZWA\" target=\"_blank\" rel=\"noreferrer noopener\"><strong>Ver ubicaci\u00f3n<\/strong><\/a><\/li>\n\n\n\n<li><strong>PROYECTO 2<\/strong>. M\u00f3dulo de comedor CEIP DULCE CHAC\u00d3N.\u00a0<a href=\"https:\/\/maps.app.goo.gl\/ZACGQRUxCJXrF7EW7\" target=\"_blank\" rel=\"noreferrer noopener\"><strong>Ver ubicaci\u00f3n<\/strong><\/a><\/li>\n<\/ul>\n\n\n\n<p class=\"wp-block-paragraph\">El premio para la producci\u00f3n de los montajes de arte urbano tendr\u00e1 una cuant\u00eda de 15.000 euros (con las retenciones de IRPF que establezca la legislaci\u00f3n vigente). Las obras seleccionadas por el jurado, tendr\u00e1n una cuant\u00eda de:<\/p>\n\n\n\n<ul class=\"wp-block-list\">\n<li><strong>PROYECTO 1<\/strong>: Pabell\u00f3n deportivo del CEIP EL PARQUE. Dotaci\u00f3n Premio: 9.000,00 \u20ac (con las retenciones de IRPF que establezca la legislaci\u00f3n vigente)<\/li>\n\n\n\n<li><strong>PROYECTO 2<\/strong>: Fachada principal CEIP DULCE CHAC\u00d3N. Dotaci\u00f3n Premio: 6.000,00 \u20ac (con las retenciones de IRPF que establezca la legislaci\u00f3n vigente)<\/li>\n<\/ul>\n\n\n\n<p class=\"wp-block-paragraph\">Incluyendo dentro de la cantidad otorgada: infraestructuras para la realizaci\u00f3n de la obra (alquiler de plataformas, gr\u00faas, escaleras); materiales para la realizaci\u00f3n y conservaci\u00f3n de la obra; materiales para las actividades de participaci\u00f3n de la comunidad educativa; materiales para la conservaci\u00f3n de las piezas realizadas; gastos generados por los artistas durante la realizaci\u00f3n del proceso de participaci\u00f3n y ejecuci\u00f3n del mural ; barnices, productos para el mantenimiento de la obra; traslado, dietas y pernocta en Rivas.<\/p>\n\n\n\n<p class=\"wp-block-paragraph\"><strong>Las personas ganadoras<\/strong>&nbsp;realizar\u00e1n su obra en Rivas Vaciamadrid dentro del desarrollo del Festival Cultura en la Calle y Arte Ciudadano, la ejecuci\u00f3n de las propuestas se realizar\u00e1n del 7 al 13 de septiembre, siendo imprescindible la presencia el s\u00e1bado 12 de septiembre y domingo 13 de septiembre del 2026.<\/p>\n\n\n\n<p class=\"wp-block-paragraph\"><strong>Las personas ganadoras recibir\u00e1n el importe del premio a partir del 7 de septiembre 2026.<\/strong>&nbsp;A \u00e9stos se le aplicar\u00e1n las retenciones fiscales que correspondan<\/p>\n\n\n\n<p class=\"wp-block-paragraph\">El plazo de inscripci\u00f3n se podr\u00e1 realizar hasta el 10 de junio 2026 a las 12:00 h.<\/p>\n\n\n\n<p class=\"wp-block-paragraph\"><strong><a href=\"https:\/\/inscripciones.rivasciudad.es\/wp-content\/uploads\/2026\/05\/Bases-14-Concurso-de-arte-urbano-2026.pdf\" target=\"_blank\" rel=\"noreferrer noopener\">Ver las bases aqu\u00ed.<\/a><\/strong><\/p>\n\n\n\n<p class=\"wp-block-paragraph\"><strong>Datos de los espacios a intervenir:<\/strong><\/p>\n\n\n\n<ul class=\"wp-block-list\">\n<li><strong><a href=\"https:\/\/inscripciones.rivasciudad.es\/wp-content\/uploads\/2026\/05\/FACHADA-CEIP-EL-PARQUE.pdf\" target=\"_blank\" rel=\"noreferrer noopener\">Pabell\u00f3n deportivo del CEIP EL PARQUE<\/a><\/strong><\/li>\n\n\n\n<li><strong><a href=\"https:\/\/inscripciones.rivasciudad.es\/wp-content\/uploads\/2026\/05\/FACHADA-CEIP-DULCE-CHACON.pdf\" target=\"_blank\" rel=\"noreferrer noopener\">Fachada principal CEIP DULCE CHAC\u00d3N<\/a><\/strong><\/li>\n<\/ul>\n\n\n\n<p class=\"wp-block-paragraph\"><strong>Adjuntar la estructura del proyecto con los siguientes apartados:&nbsp;<\/strong><strong><a href=\"https:\/\/inscripciones.rivasciudad.es\/wp-content\/uploads\/2026\/05\/Plantilla-estructura-del-proyecto-2026.docx\" target=\"_blank\" rel=\"noreferrer noopener\">descargar plantilla<\/a><\/strong><\/p>\n","protected":false},"excerpt":{"rendered":"<p>El&nbsp;14\u00ba CONCURSO DE ARTE URBANO, forma parte del Festival de Cultura en la Calle Y Arte Ciudadano, organizado por la Concejal\u00eda de Cultura del Ayuntamiento de Rivas Vaciamadrid, que se celebra del 03 al 20 de septiembre 2026. Se podr\u00e1 participar a nivel individual o colectivo. Los grupos pueden tener entidad jur\u00eddica o ser agrupaci\u00f3n [&hellip;]<\/p>\n","protected":false},"featured_media":114,"template":"","meta":{"_acf_changed":true},"ambito-de-inscripcion":[12],"class_list":["post-113","inscripcion","type-inscripcion","status-publish","has-post-thumbnail","hentry","ambito-de-inscripcion-cultra-y-fiestas"],"acf":[],"_links":{"self":[{"href":"https:\/\/rivasvaciamadrid.anovagroup.es\/index.php?rest_route=\/wp\/v2\/inscripcion\/113","targetHints":{"allow":["GET"]}}],"collection":[{"href":"https:\/\/rivasvaciamadrid.anovagroup.es\/index.php?rest_route=\/wp\/v2\/inscripcion"}],"about":[{"href":"https:\/\/rivasvaciamadrid.anovagroup.es\/index.php?rest_route=\/wp\/v2\/types\/inscripcion"}],"wp:featuredmedia":[{"embeddable":true,"href":"https:\/\/rivasvaciamadrid.anovagroup.es\/index.php?rest_route=\/wp\/v2\/media\/114"}],"wp:attachment":[{"href":"https:\/\/rivasvaciamadrid.anovagroup.es\/index.php?rest_route=%2Fwp%2Fv2%2Fmedia&parent=113"}],"wp:term":[{"taxonomy":"ambito-de-inscripcion","embeddable":true,"href":"https:\/\/rivasvaciamadrid.anovagroup.es\/index.php?rest_route=%2Fwp%2Fv2%2Fambito-de-inscripcion&post=113"}],"curies":[{"name":"wp","href":"https:\/\/api.w.org\/{rel}","templated":true}]}}